{"id":139,"date":"2022-11-08T11:29:48","date_gmt":"2022-11-08T11:29:48","guid":{"rendered":"https:\/\/www.rosdyfilm.com\/kf\/?page_id=139"},"modified":"2026-01-08T09:05:40","modified_gmt":"2026-01-08T09:05:40","slug":"dlt","status":"publish","type":"page","link":"https:\/\/www.rosdyfilm.com\/kf\/de\/dlt\/","title":{"rendered":"Der Letzte Tag"},"content":{"rendered":"<p>[et_pb_section fb_built=&#8220;1&#8243; fullwidth=&#8220;on&#8220; module_id=&#8220;home&#8220; _builder_version=&#8220;4.19.0&#8243; _module_preset=&#8220;default&#8220; global_colors_info=&#8220;{}&#8220;][et_pb_fullwidth_header text_orientation=&#8220;center&#8220; header_fullscreen=&#8220;on&#8220; header_image_url=&#8220;https:\/\/www.rosdyfilm.com\/kf\/wp-content\/uploads\/2022\/11\/Der-letzte-Tag_1.4.2_play.jpg&#8220; _builder_version=&#8220;4.19.0&#8243; _module_preset=&#8220;default&#8220; background_enable_image=&#8220;off&#8220; custom_padding=&#8220;|0px||||&#8220; link_option_url=&#8220;#trailer&#8220; global_colors_info=&#8220;{}&#8220;][\/et_pb_fullwidth_header][\/et_pb_section][et_pb_section fb_built=&#8220;1&#8243; _builder_version=&#8220;4.19.0&#8243; _module_preset=&#8220;default&#8220; custom_padding=&#8220;10px|||||&#8220; global_colors_info=&#8220;{}&#8220;][et_pb_row column_structure=&#8220;3_4,1_4&#8243; _builder_version=&#8220;4.19.4&#8243; _module_preset=&#8220;default&#8220; width=&#8220;60%&#8220; min_height=&#8220;294.2px&#8220; global_colors_info=&#8220;{}&#8220;][et_pb_column type=&#8220;3_4&#8243; _builder_version=&#8220;4.19.4&#8243; _module_preset=&#8220;default&#8220; global_colors_info=&#8220;{}&#8220;][et_pb_text module_id=&#8220;synopsis&#8220; _builder_version=&#8220;4.19.0&#8243; _module_preset=&#8220;default&#8220; text_text_color=&#8220;#FFFFFF&#8220; module_alignment=&#8220;center&#8220; global_colors_info=&#8220;{}&#8220;]<\/p>\n<h3>Synopsis<\/h3>\n<p>DER LETZTE TAG ist ein filmisches Wiegenlied \u00fcber den legend\u00e4ren EMI Austria Music Store auf der K\u00e4rntner Stra\u00dfe Nr. 30 in Wien. 93 Jahre ist er alt geworden. Das \u00e4lteste Foto stammt aus dem Jahre 1934. Damals \u00f6ffneten Portiere die T\u00fcr und das Gesch\u00e4ft hie\u00df \u201eHis Masters Voice Columbia\u201c. Am 24. Dezember 2021 war der letzte Betriebstag. Sabine Vasicek und Christian Bakonyi, beide seit langem f\u00fcr die Firma t\u00e4tig, beraten zum letzten Mal Kund*innen, ordnen zum letzten Mal Schallplatten in den Regalen und reflektieren mit Stammkunden \u00fcber vergangene Zeiten. Als die Eingangst\u00fcr f\u00fcr immer schlie\u00dft, singt Hans Moser <em>Sperrstund\u00b4 is<\/em>.<\/p>\n<p>[\/et_pb_text][\/et_pb_column][et_pb_column type=&#8220;1_4&#8243; _builder_version=&#8220;4.19.4&#8243; _module_preset=&#8220;default&#8220; global_colors_info=&#8220;{}&#8220;][et_pb_gallery gallery_ids=&#8220;347&#8243; fullwidth=&#8220;on&#8220; admin_label=&#8220;Kritiken&#8220; _builder_version=&#8220;4.19.4&#8243; _module_preset=&#8220;default&#8220; width=&#8220;54%&#8220; width_tablet=&#8220;18%&#8220; width_phone=&#8220;29%&#8220; width_last_edited=&#8220;on|tablet&#8220; module_alignment=&#8220;center&#8220; link_option_url=&#8220;https:\/\/www.falter.at\/zeitung\/20221221\/paul-rosdys-kurzfilm-der-letzte-tag\/_4ccf630f4e&#8220; link_option_url_new_window=&#8220;on&#8220; global_colors_info=&#8220;{}&#8220;][\/et_pb_gallery][\/et_pb_column][\/et_pb_row][et_pb_row _builder_version=&#8220;4.19.4&#8243; _module_preset=&#8220;default&#8220; width=&#8220;60%&#8220; width_tablet=&#8220;60%&#8220; width_phone=&#8220;60%&#8220; width_last_edited=&#8220;on|desktop&#8220; global_colors_info=&#8220;{}&#8220;][et_pb_column type=&#8220;4_4&#8243; _builder_version=&#8220;4.19.0&#8243; _module_preset=&#8220;default&#8220; global_colors_info=&#8220;{}&#8220;][et_pb_code module_id=&#8220;trailer&#8220; _builder_version=&#8220;4.27.5&#8243; _module_preset=&#8220;default&#8220; custom_padding=&#8220;32px||32px||true|false&#8220; hover_enabled=&#8220;0&#8243; global_colors_info=&#8220;{}&#8220; sticky_enabled=&#8220;0&#8243;]  <iframe <!-- [et_pb_line_break_holder] -->    src=&#8220;https:\/\/www.youtube.com\/embed\/PgbD4GQKCsI?si=bj-cNn_QwrJ8ZJ0L?autoplay=0&#038;mute=0&#038;controls=1&#8243; <!-- [et_pb_line_break_holder] -->    width=&#8220;640&#8243; <!-- [et_pb_line_break_holder] -->    height=&#8220;360&#8243; <!-- [et_pb_line_break_holder] -->    frameborder=&#8220;0&#8243; <!-- [et_pb_line_break_holder] -->    allow=&#8220;accelerometer; autoplay; clipboard-write; encrypted-media; gyroscope; picture-in-picture; fullscreen&#8220; <!-- [et_pb_line_break_holder] -->    allowfullscreen<!-- [et_pb_line_break_holder] -->    title=&#8220;Der letzte Tag&#8220;><!-- [et_pb_line_break_holder] -->  <\/iframe>[\/et_pb_code][et_pb_text module_id=&#8220;regieStatement&#8220; _builder_version=&#8220;4.19.4&#8243; _module_preset=&#8220;default&#8220; text_text_color=&#8220;#FFFFFF&#8220; module_alignment=&#8220;center&#8220; global_colors_info=&#8220;{}&#8220;]<\/p>\n<h3>Regie Statement<\/h3>\n<p>Zirka zwei Woche vor Weihnachten 2021 h\u00f6rte ich im Radio, dass der EMI Austria Music Store in Wien f\u00fcr immer schlie\u00dfen wird. Ich kannte dieses Musikgesch\u00e4ft seit meiner Jugend in den 1970er Jahren. Damals und bis in die 1980er Jahre bedeuteten Musikgesch\u00e4fte \u2013 man nannte sie damals Schallplattengesch\u00e4fte \u2013\u00a0\u00a0f\u00fcr mich die Welt. Ich war Lehrling im Reiseb\u00fcro gleich ums Eck und ging in der Mittagspause oder nach der Arbeit regelm\u00e4\u00dfig ins Schallplattengesch\u00e4ft. Allein das Schauen, also das Durchbl\u00e4ttern der Schallplattenstapel, war f\u00fcr mich Musikkulturarbeit. Man konnte sich hinsetzen und Schallplatten in einer Tonqualit\u00e4t h\u00f6ren, die den eigenen Plattenspieler zu Hause weit in den Schatten stellte. Mein Idealberuf\u00a0 war damals \u2013 Arbeiten im Schallplattengesch\u00e4ft. Es war meine Welt.<\/p>\n<p>Am 24. Dezember 2021, am letzten Betriebstag des EMI Austria Music Store, war\u00a0f\u00fcr mich klar, dass ich den Schallplattengesch\u00e4ftszauber meiner Jugend\u00a0noch einmal nachsp\u00fcren will.\u00a0Im\u00a0Direct Cinema-Stil fingen mein Kameramann Wolfram Wuinovic und ich Bilder und T\u00f6ne ein, die dann zu einem siebenmin\u00fctigen\u00a0Stimmungsbild verdichtet wurden. Nichts war gestellt oder vorab abgesprochen, alles w\u00e4re ohne meinen Kameramann und mich genauso geschehen. Wir haben\u00a0ihn\u00a0nur eingefangen \u2013\u00a0diesen letzten\u00a0Tag.<\/p>\n<p>[\/et_pb_text][\/et_pb_column][\/et_pb_row][et_pb_row column_structure=&#8220;1_2,1_2&#8243; custom_padding_last_edited=&#8220;on|tablet&#8220; _builder_version=&#8220;4.19.0&#8243; _module_preset=&#8220;default&#8220; width=&#8220;60%&#8220; width_tablet=&#8220;60%&#8220; width_phone=&#8220;60%&#8220; width_last_edited=&#8220;on|phone&#8220; module_alignment=&#8220;center&#8220; min_height=&#8220;131px&#8220; custom_margin=&#8220;21px|auto||auto||&#8220; custom_padding=&#8220;0px|0px|0px|0px|false|false&#8220; custom_padding_tablet=&#8220;30px||||false|false&#8220; custom_padding_phone=&#8220;30px||||false|false&#8220; global_colors_info=&#8220;{}&#8220;][et_pb_column type=&#8220;1_2&#8243; _builder_version=&#8220;4.19.0&#8243; _module_preset=&#8220;default&#8220; global_colors_info=&#8220;{}&#8220;][et_pb_text module_id=&#8220;stab&#8220; _builder_version=&#8220;4.19.0&#8243; _module_preset=&#8220;default&#8220; text_text_color=&#8220;#FFFFFF&#8220; width=&#8220;100%&#8220; module_alignment=&#8220;center&#8220; custom_margin=&#8220;|68px||6px||&#8220; custom_padding=&#8220;|0px||||&#8220; global_colors_info=&#8220;{}&#8220;]<\/p>\n<h3>Stab<\/h3>\n<p>Regie, Produktion, Schnitt und Ton: Paul Rosdy<br \/>Kamera<strong>:<\/strong>\u00a0Wolfram Wuinovic aac<br \/>Tonmischung: Gerald Hartwagner<br \/>Online Schnitt und Farbbestimmung: Christian Leiss<\/p>\n<p>[\/et_pb_text][\/et_pb_column][et_pb_column type=&#8220;1_2&#8243; _builder_version=&#8220;4.19.0&#8243; _module_preset=&#8220;default&#8220; global_colors_info=&#8220;{}&#8220;][et_pb_text module_id=&#8220;besetzung&#8220; _builder_version=&#8220;4.19.0&#8243; _module_preset=&#8220;default&#8220; text_text_color=&#8220;#FFFFFF&#8220; width=&#8220;100%&#8220; module_alignment=&#8220;center&#8220; global_colors_info=&#8220;{}&#8220;]<\/p>\n<h3>Besetzung<\/h3>\n<p>Christian Bakonyi<br \/>Hannes Fenz<br \/>Johannes Kunz<br \/>Sabine Vasicek<br \/>Elisabeth Weber<\/p>\n<p>[\/et_pb_text][\/et_pb_column][\/et_pb_row][et_pb_row module_id=&#8220;#Musi&#8220; _builder_version=&#8220;4.19.0&#8243; _module_preset=&#8220;default&#8220; width=&#8220;60%&#8220; min_height=&#8220;83.8px&#8220; custom_padding=&#8220;||0px|||&#8220; global_colors_info=&#8220;{}&#8220;][et_pb_column type=&#8220;4_4&#8243; _builder_version=&#8220;4.19.0&#8243; _module_preset=&#8220;default&#8220; global_colors_info=&#8220;{}&#8220;][et_pb_text module_id=&#8220;musik&#8220; _builder_version=&#8220;4.19.0&#8243; _module_preset=&#8220;default&#8220; custom_margin=&#8220;||13px|||&#8220; custom_padding=&#8220;17px|||||&#8220; global_colors_info=&#8220;{}&#8220;]<\/p>\n<h3><span style=\"color: #ffffff;\">Musik<\/span><\/h3>\n<p>W\u00e4hrend der Dreharbeiten lief im Hintergrund folgende Musik:<\/p>\n<p>[\/et_pb_text][\/et_pb_column][\/et_pb_row][et_pb_row column_structure=&#8220;1_3,1_3,1_3&#8243; _builder_version=&#8220;4.19.0&#8243; _module_preset=&#8220;default&#8220; width=&#8220;60%&#8220; min_height=&#8220;183.2px&#8220; custom_padding=&#8220;11px||16px|||&#8220; global_colors_info=&#8220;{}&#8220;][et_pb_column type=&#8220;1_3&#8243; _builder_version=&#8220;4.19.0&#8243; _module_preset=&#8220;default&#8220; global_colors_info=&#8220;{}&#8220;][et_pb_text _builder_version=&#8220;4.19.0&#8243; _module_preset=&#8220;default&#8220; global_colors_info=&#8220;{}&#8220;]<\/p>\n<p><span style=\"color: #ffffff;\"><em>For her Love, Captain Bateman, Loving you<\/em><\/span><\/p>\n<p><span style=\"color: #ffffff;\">Aus dem Album<em> The Bridge<\/em> by Sting,<br \/>A &amp; M Records.<\/span><\/p>\n<p>[\/et_pb_text][\/et_pb_column][et_pb_column type=&#8220;1_3&#8243; _builder_version=&#8220;4.19.0&#8243; _module_preset=&#8220;default&#8220; global_colors_info=&#8220;{}&#8220;][et_pb_text _builder_version=&#8220;4.19.0&#8243; _module_preset=&#8220;default&#8220; global_colors_info=&#8220;{}&#8220;]<\/p>\n<p><em>Jingle Bells <\/em><\/p>\n<p>Aus dem Album <em>The Pianoman at Christmas<\/em> von Jaimie Cullum &amp; Kansas Smitty\u2019s, Island Records.<\/p>\n<p>[\/et_pb_text][\/et_pb_column][et_pb_column type=&#8220;1_3&#8243; _builder_version=&#8220;4.19.0&#8243; _module_preset=&#8220;default&#8220; global_colors_info=&#8220;{}&#8220;][et_pb_text _builder_version=&#8220;4.19.0&#8243; _module_preset=&#8220;default&#8220; global_colors_info=&#8220;{}&#8220;]<\/p>\n<p><em>Sperrstund\u2019 is\u2019 <\/em><\/p>\n<p>Aus dem Album <em>Sperrstund\u2019 is\u2019<\/em> von Hans Moser, EMI Columbia Austria.<\/p>\n<p>[\/et_pb_text][\/et_pb_column][\/et_pb_row][et_pb_row _builder_version=&#8220;4.19.0&#8243; _module_preset=&#8220;default&#8220; width=&#8220;60%&#8220; min_height=&#8220;140.4px&#8220; global_colors_info=&#8220;{}&#8220;][et_pb_column type=&#8220;4_4&#8243; _builder_version=&#8220;4.19.0&#8243; _module_preset=&#8220;default&#8220; global_colors_info=&#8220;{}&#8220;][et_pb_text module_id=&#8220;technischeDaten&#8220; _builder_version=&#8220;4.23.4&#8243; _module_preset=&#8220;default&#8220; global_colors_info=&#8220;{}&#8220;]<\/p>\n<h3>Technische Daten<\/h3>\n<p>7,25 Minuten, DCP<br \/>Deutsche Untertitel<br \/>Englische Untertitel<\/p>\n<p>[\/et_pb_text][\/et_pb_column][\/et_pb_row][et_pb_row module_id=&#8220;pressefotos&#8220; _builder_version=&#8220;4.19.0&#8243; _module_preset=&#8220;default&#8220; width=&#8220;60%&#8220; global_colors_info=&#8220;{}&#8220;][et_pb_column type=&#8220;4_4&#8243; _builder_version=&#8220;4.19.0&#8243; _module_preset=&#8220;default&#8220; global_colors_info=&#8220;{}&#8220;][et_pb_text _builder_version=&#8220;4.23.4&#8243; _module_preset=&#8220;default&#8220; min_height=&#8220;67px&#8220; custom_margin=&#8220;||0px||false|false&#8220; custom_padding=&#8220;17px|||||&#8220; global_colors_info=&#8220;{}&#8220;]<\/p>\n<h3>Pressefotos<\/h3>\n<p>[\/et_pb_text][et_pb_gallery gallery_ids=&#8220;160,161,162,163,164,165,166,167,168,169,170&#8243; posts_number=&#8220;12&#8243; _builder_version=&#8220;4.23.4&#8243; _module_preset=&#8220;default&#8220; title_level=&#8220;h6&#8243; caption_font=&#8220;||||||||&#8220; text_orientation=&#8220;left&#8220; global_colors_info=&#8220;{}&#8220;][\/et_pb_gallery][\/et_pb_column][\/et_pb_row][et_pb_row _builder_version=&#8220;4.19.0&#8243; _module_preset=&#8220;default&#8220; width=&#8220;60%&#8220; min_height=&#8220;24.8px&#8220; custom_margin=&#8220;-7px|auto||auto||&#8220; custom_padding=&#8220;||0px|||&#8220; global_colors_info=&#8220;{}&#8220;][et_pb_column type=&#8220;4_4&#8243; _builder_version=&#8220;4.19.0&#8243; _module_preset=&#8220;default&#8220; global_colors_info=&#8220;{}&#8220;][et_pb_text _builder_version=&#8220;4.19.0&#8243; _module_preset=&#8220;default&#8220; min_height=&#8220;48px&#8220; custom_margin=&#8220;-7px||-9px|||&#8220; custom_padding=&#8220;||25px|||&#8220; global_colors_info=&#8220;{}&#8220;]<\/p>\n<h3><span style=\"color: #827f7e;\"><a href=\"https:\/\/www.rosdyfilm.com\/kf\/wp-content\/uploads\/2022\/11\/Pressefotos_DerLetzteTag.zip\" title=\"Pressefotos - Der Letzte Tag\" style=\"color: #827f7e;\">Download<\/a><\/span> der Pressefotos<\/h3>\n<p>[\/et_pb_text][\/et_pb_column][\/et_pb_row][et_pb_row column_structure=&#8220;1_2,1_2&#8243; custom_padding_last_edited=&#8220;on|tablet&#8220; _builder_version=&#8220;4.19.0&#8243; _module_preset=&#8220;default&#8220; background_color=&#8220;#000000&#8243; width=&#8220;60%&#8220; module_alignment=&#8220;center&#8220; custom_margin=&#8220;4px||||false|false&#8220; custom_padding=&#8220;30px|0px|30px|0px|true|true&#8220; custom_padding_tablet=&#8220;30px|30px|30px|30px|true|true&#8220; custom_padding_phone=&#8220;30px|30px|30px|30px|true|true&#8220; global_colors_info=&#8220;{}&#8220;][et_pb_column type=&#8220;1_2&#8243; _builder_version=&#8220;4.19.0&#8243; _module_preset=&#8220;default&#8220; global_colors_info=&#8220;{}&#8220;][et_pb_text module_id=&#8220;kontakt&#8220; _builder_version=&#8220;4.19.0&#8243; _module_preset=&#8220;default&#8220; text_text_color=&#8220;#FFFFFF&#8220; header_3_text_color=&#8220;#FFFFFF&#8220; custom_margin=&#8220;||2px|||&#8220; global_colors_info=&#8220;{}&#8220;]<\/p>\n<h3>Kontakt<\/h3>\n<p>[\/et_pb_text][et_pb_text _builder_version=&#8220;4.19.0&#8243; _module_preset=&#8220;default&#8220; background_color=&#8220;#000000&#8243; module_alignment=&#8220;center&#8220; custom_margin=&#8220;||||true|false&#8220; global_colors_info=&#8220;{}&#8220;]<\/p>\n<div style=\"padding-left: 10px; width: 300px; font-size: 10px;\"><em>Eine Produktion von<\/em><\/div>\n<div style=\"padding-left: 10px; padding-bottom: 10px; width: 300px;\">ROSDY FILM KG<br \/>Lustkandlgasse 51\/4-5<br \/>1090 Wien<br \/>\u00d6sterreich<br \/>Tel.: <span>+43 (0) 699 1217 0214<\/span><br \/>office(at)rosdyfilm.com<br \/><span style=\"color: #000000;\"><a href=\"http:\/\/www.rosdyfilm.com\/\" target=\"_blank\" rel=\"noopener\">www.rosdyfilm.com<\/a><\/span><\/div>\n<p>[\/et_pb_text][\/et_pb_column][et_pb_column type=&#8220;1_2&#8243; _builder_version=&#8220;4.19.0&#8243; _module_preset=&#8220;default&#8220; global_colors_info=&#8220;{}&#8220;][et_pb_text module_id=&#8220;support&#8220; _builder_version=&#8220;4.19.0&#8243; _module_preset=&#8220;default&#8220; text_text_color=&#8220;#FFFFFF&#8220; header_3_text_color=&#8220;#FFFFFF&#8220; global_colors_info=&#8220;{}&#8220;]<\/p>\n<h3 style=\"text-align: center;\">Gef\u00f6rdert von der Stadt Wien Kultur<\/h3>\n<p>[\/et_pb_text][et_pb_image src=&#8220;https:\/\/www.rosdyfilm.com\/kf\/wp-content\/uploads\/2022\/11\/Stadt-Wien_Logo_pos_rgb-Kopie.jpg&#8220; alt=&#8220;Logo der Stadt Wien&#8220; title_text=&#8220;SW_Logo_At_pos_rgb&#8220; align=&#8220;center&#8220; _builder_version=&#8220;4.19.0&#8243; _module_preset=&#8220;default&#8220; background_color=&#8220;#FFFFFF&#8220; max_width=&#8220;200px&#8220; module_alignment=&#8220;center&#8220; custom_padding=&#8220;20px|20px|20px|20px|true|true&#8220; global_colors_info=&#8220;{}&#8220;][\/et_pb_image][\/et_pb_column][\/et_pb_row][\/et_pb_section]<\/p>\n","protected":false},"excerpt":{"rendered":"<p>Synopsis DER LETZTE TAG ist ein filmisches Wiegenlied \u00fcber den legend\u00e4ren EMI Austria Music Store auf der K\u00e4rntner Stra\u00dfe Nr. 30 in Wien. 93 Jahre ist er alt geworden. Das \u00e4lteste Foto stammt aus dem Jahre 1934. Damals \u00f6ffneten Portiere die T\u00fcr und das Gesch\u00e4ft hie\u00df \u201eHis Masters Voice Columbia\u201c. Am 24. Dezember 2021 war [&hellip;]<\/p>\n","protected":false},"author":1,"featured_media":0,"parent":0,"menu_order":0,"comment_status":"closed","ping_status":"closed","template":"","meta":{"_et_pb_use_builder":"on","_et_pb_old_content":"","_et_gb_content_width":"","footnotes":""},"_links":{"self":[{"href":"https:\/\/www.rosdyfilm.com\/kf\/wp-json\/wp\/v2\/pages\/139"}],"collection":[{"href":"https:\/\/www.rosdyfilm.com\/kf\/wp-json\/wp\/v2\/pages"}],"about":[{"href":"https:\/\/www.rosdyfilm.com\/kf\/wp-json\/wp\/v2\/types\/page"}],"author":[{"embeddable":true,"href":"https:\/\/www.rosdyfilm.com\/kf\/wp-json\/wp\/v2\/users\/1"}],"replies":[{"embeddable":true,"href":"https:\/\/www.rosdyfilm.com\/kf\/wp-json\/wp\/v2\/comments?post=139"}],"version-history":[{"count":62,"href":"https:\/\/www.rosdyfilm.com\/kf\/wp-json\/wp\/v2\/pages\/139\/revisions"}],"predecessor-version":[{"id":402,"href":"https:\/\/www.rosdyfilm.com\/kf\/wp-json\/wp\/v2\/pages\/139\/revisions\/402"}],"wp:attachment":[{"href":"https:\/\/www.rosdyfilm.com\/kf\/wp-json\/wp\/v2\/media?parent=139"}],"curies":[{"name":"wp","href":"https:\/\/api.w.org\/{rel}","templated":true}]}}